{"id":2210,"date":"2012-09-24T13:45:50","date_gmt":"2012-09-24T11:45:50","guid":{"rendered":"http:\/\/sperrsitz.net\/?page_id=2210"},"modified":"2023-07-29T10:19:12","modified_gmt":"2023-07-29T08:19:12","slug":"auszeichnungen-und-preise","status":"publish","type":"page","link":"https:\/\/sperrsitz.net\/?page_id=2210","title":{"rendered":"Awards"},"content":{"rendered":"<p><strong>Auszeichnungen f\u00fcr H\u00f6rspiele und Features<\/strong> | Regie: S.Kanis<\/p>\n<p><a href=\"https:\/\/sperrsitz.net\/?p=4482\">DIE WOCHE<\/a><\/p>\n<p class=\"sstyle\" style=\"padding-left: 30px;\">\u025e H\u00f6rspiel des Monats Juni 2023 (Deutsche Akademie der Darstellenden K\u00fcnste)<\/p>\n<p>&nbsp;<br \/>\n<a href=\"https:\/\/sperrsitz.net\/?p=4291\">BLUME WOLKE VOGEL FISCH<\/a><\/p>\n<p class=\"sstyle\" style=\"padding-left: 30px;\">\u025e H\u00f6rspiel des Monats November 2021 (Deutsche Akademie der Darstellenden K\u00fcnste)<\/p>\n<p>&nbsp;<br \/>\n<a href=\"https:\/\/sperrsitz.net\/?p=3959\">DIE ENTGIFTUNG DES MANNES<\/a><\/p>\n<p class=\"sstyle\" style=\"padding-left: 30px;\">\u025e <a title=\"Deutscher H\u00f6rspielpreis der ARD\" href=\"https:\/\/www.swr.de\/swr2\/hoerspiel\/ard-hoerspieltage\/veranstaltung-2020-04-18-wettbewerb-100.html\" target=\"_blank\" rel=\"noopener\">&#8222;Deutscher H\u00f6rspielpreis der ARD 2020 &#8211; Beste darstellerische Leistung&#8220; f\u00fcr Carina Wiese als &#8222;Steffi&#8220;<\/a><\/p>\n<p class=\"sstyle\" style=\"padding-left: 30px;\">\u025e <a href=\"https:\/\/sperrsitz.net\/?p=4071\">Jury-Nominierung zum &#8222;CIVIS-Preis 2020&#8220;<\/a>, &#8222;Radio kurze Programme&#8220; (1. Folge)<\/p>\n<p class=\"sstyle\" style=\"padding-left: 30px;\">\u025e <a href=\"https:\/\/sperrsitz.net\/?p=4050\">Jury-Nominierung zum &#8222;H\u00f6rspielpreis der Kriegsblinden 2020&#8220;<\/a><\/p>\n<p>&nbsp;<br \/>\n<a title=\"Karl Marx statt Chemnitz\" href=\"https:\/\/sperrsitz.net\/?p=3645 target=\">KARL MARX STATT CHEMNITZ<\/a><\/p>\n<p class=\"sstyle\" style=\"padding-left: 30px;\">\u025e <a title=\"H\u00f6rspiel des Monats\" href=\"http:\/\/www.darstellendekuenste.de\/id-2018.html\" target=\"_blank\" rel=\"noopener\">H\u00f6rspiel des Monats April 2018 (Deutsche Akademie der Darstellenden K\u00fcnste)<\/a><\/p>\n<p>&nbsp;<br \/>\n<a title=\"Die meisten Afrikaner k\u00f6nnen nicht schwimmen\" href=\"https:\/\/sperrsitz.net\/?p=3304 target=\">DIE MEISTEN AFRIKANER K\u00d6NNEN NICHT SCHWIMMEN<\/a><\/p>\n<p class=\"sstyle\" style=\"padding-left: 30px;\">\u025e <a title=\"Robert Geisend\u00f6rfer Preis\" href=\"http:\/\/www.robert-geisendoerfer-preis.de\/geisendoerferpreis\/index.html\" target=\"_blank\" rel=\"noopener\">Robert Geisend\u00f6rfer Preis 2017<\/a><\/p>\n<p><a title=\"Robert-Geisend\u00f6rfer-Preis 2017\" href=\"https:\/\/sperrsitz.net\/wp-content\/uploads\/Urkunde-Geisendoerfer.jpg\"><img loading=\"lazy\" decoding=\"async\" class=\"alignright wp-image-3600 size-medium\" src=\"https:\/\/sperrsitz.net\/wp-content\/uploads\/Urkunde-Geisendoerfer-211x300.jpg\" alt=\"Urkunde Robert-Geisend\u00f6rfer-Preis 2017\" width=\"211\" height=\"300\" srcset=\"https:\/\/sperrsitz.net\/wp-content\/uploads\/Urkunde-Geisendoerfer-211x300.jpg 211w, https:\/\/sperrsitz.net\/wp-content\/uploads\/Urkunde-Geisendoerfer-721x1024.jpg 721w, https:\/\/sperrsitz.net\/wp-content\/uploads\/Urkunde-Geisendoerfer.jpg 824w\" sizes=\"auto, (max-width: 211px) 100vw, 211px\" \/><\/a><a title=\"Jenseits der Kastanien\" href=\"https:\/\/sperrsitz.net\/?p=3346\" target=\"_blank\" rel=\"noopener\"><br \/>\nJENSEITS DER KASTANIEN<\/a><\/p>\n<p class=\"sstyle\" style=\"padding-left: 30px;\">\u025e&nbsp; <a title=\"CIVIS Medienpreis\" href=\"https:\/\/www.civismedia.eu\/medienpreis\/civis-preistraeger-2017\/\" target=\"_blank\" rel=\"noopener\">Europ\u00e4ischer CIVIS Medienpreis &#8222;Radio lange Programme&#8220; 2017<\/a><\/p>\n<p><a title=\"Lutherland\" href=\"https:\/\/sperrsitz.net\/?p=3443\" target=\"_blank\" rel=\"noopener\"><br \/>\nLUTHERLAND<\/a><\/p>\n<p class=\"sstyle\" style=\"padding-left: 30px;\">\u025e <a title=\"H\u00f6rspiel des Monats\" href=\"http:\/\/www.darstellendekuenste.de\/id-2017.html\" target=\"_blank\" rel=\"noopener\">H\u00f6rspiel des Monats Mai 2017 (Deutsche Akademie der Darstellenden K\u00fcnste)<\/a><\/p>\n<p><a title=\"Und jetzt: die Welt!\" href=\"https:\/\/sperrsitz.net\/?p=3061\"><br \/>\nUND JETZT: DIE WELT!<\/a><\/p>\n<p class=\"sstyle\" style=\"padding-left: 30px;\">\u025e&nbsp; <a title=\"H\u00f6rspielpreis der Kriegsblinden 2016\" href=\"http:\/\/www.filmstiftung.de\/events\/preise\/hoerspielpreis\/\" target=\"_blank\" rel=\"noopener\">H\u00f6rspielpreis der Kriegsblinden 2016<br \/>\n<\/a>\u025e&nbsp; ARD-Nominierung zum Prix Europa 2016<br \/>\n\u025e&nbsp; <em>Szl\u00e2bb\u00e9sz<\/em> der \u00d6sterreichischen H\u00f6rspieltage 2016<br \/>\n\u025e&nbsp; <a title=\"Deutschen H\u00f6rspielpreises der ARD 2015\" href=\"http:\/\/www.ard.de\/home\/radio\/ARD_Hoerspieltage_15\/1840228\/index.html\" target=\"_blank\" rel=\"noopener\">2. Platz beim &#8222;ARD Online Award&#8220; 2015<\/a><br \/>\n\u025e&nbsp; &#8222;Lobende Erw\u00e4hnung&#8220; beim Deutschen H\u00f6rspielpreis der ARD 2015 f\u00fcr Marina Frenk<\/p>\n<p><a title=\"Industrieruinen\" href=\"https:\/\/sperrsitz.net\/?p=2532\"><br \/>\nINDUSTRIERUINEN. FASZINATION UND WEHMUT<\/a><\/p>\n<p class=\"sstyle\" style=\"padding-left: 30px;\">\u025e&nbsp; <a title=\"Deutscher Preis f\u00fcr Denkmalschutz\" href=\"http:\/\/www.dnk.de\/denkmalschutz_preise\/n2393\" target=\"_blank\" rel=\"noopener\">Journalistenpreis des Deutschen Preises f\u00fcr Denkmalschutz 2015<\/a><\/p>\n<p><a title=\"Deutscher H\u00f6rspielpreis der ARD 2010\" href=\"https:\/\/sperrsitz.net\/wp-content\/uploads\/Urkunde-Hoerspielpreis.jpg\"><img loading=\"lazy\" decoding=\"async\" class=\"alignright wp-image-3505\" src=\"https:\/\/sperrsitz.net\/wp-content\/uploads\/Urkunde-Hoerspielpreis-212x300.jpg\" alt=\"Deutscher H\u00f6rspielpreis der ARD 2010\" width=\"273\" height=\"386\" srcset=\"https:\/\/sperrsitz.net\/wp-content\/uploads\/Urkunde-Hoerspielpreis-212x300.jpg 212w, https:\/\/sperrsitz.net\/wp-content\/uploads\/Urkunde-Hoerspielpreis.jpg 695w\" sizes=\"auto, (max-width: 273px) 100vw, 273px\" \/><\/a><a title=\"Das \u2018Deutschlandger\u00e4t\u2019\" href=\"https:\/\/sperrsitz.net\/?p=2547\"><br \/>\nDAS DEUTSCHLANDGER\u00c4T<\/a><\/p>\n<p class=\"sstyle\" style=\"padding-left: 30px;\">\u025e&nbsp; <a title=\"H\u00f6rspiel des Monats\" href=\"http:\/\/www.darstellendekuenste.de\/id-2014.html\">H\u00f6rspiel des Monats Oktober 2014 (Deutsche Akademie der Darstellenden K\u00fcnste)<\/a><\/p>\n<p><a title=\"Im Inneren des Landes\" href=\"https:\/\/sperrsitz.net\/?p=2386\"><br \/>\nIM INNEREN DES LANDES<\/a><\/p>\n<div class=\"sstyle\" style=\"padding-left: 30px;\">\u025e&nbsp; <a title=\"H\u00f6rspiel des Monats\" href=\"http:\/\/www.darstellendekuenste.de\/id-2013-193.html\" target=\"_blank\" rel=\"noopener\">H\u00f6rspiel des Monats Oktober 2013 (Deutsche Akademie der Darstellenden K\u00fcnste)<\/a><br \/>\n\u025e&nbsp; Finalist beim Deutschen H\u00f6rspielpreis der ARD 2014<\/div>\n<p><a title=\"Frauenzuchthaus Hoheneck\" href=\"https:\/\/sperrsitz.net\/?p=1769\"><br \/>\nFRAUENZUCHTHAUS HOHENECK<\/a><\/p>\n<div class=\"sstyle\" style=\"padding-left: 30px;\">\u025e&nbsp; <a href=\"http:\/\/www.bagfw.de\/die-preistraeger-des-deutschen-sozialpreises-2012-stehen-fest\/\" target=\"_blank\" rel=\"noopener\">Deutscher Sozialpreis 2012<\/a><br \/>\n\u025e&nbsp; <a title=\"Juliane-bartel-Medienpreis\" href=\"http:\/\/www.ms.niedersachsen.de\/portal\/live.php?navigation_id=31668&amp;article_id=109765&amp;_psmand=17\" target=\"_blank\" rel=\"noopener\">Juliane-Bartel-Medienpreis 2012<\/a><\/div>\n<p><a title=\"Austerlitz\" href=\"https:\/\/sperrsitz.net\/?p=1888\"><br \/>\nAUSTERLITZ<\/a><\/p>\n<p class=\"sstyle\" style=\"padding-left: 30px;\">\u025e&nbsp; <a title=\"h2-H\u00f6rbuchbestenliste\" href=\"http:\/\/www.hr-online.de\/website\/radio\/hr2\/index.jsp?rubrik=53549&amp;key=standard_document_44595439\" target=\"_blank\" rel=\"noopener\">hr2-H\u00f6rbuchbestenliste April 2012<\/a><\/p>\n<p><a href=\"https:\/\/sperrsitz.net\/?p=526\"><br \/>\nDIE SICHERHEIT EINER GESCHLOSSENEN FAHRGASTZELLE<\/a><\/p>\n<div class=\"sstyle\" style=\"padding-left: 30px;\">\u025e&nbsp; <a title=\"H\u00f6rspiel des Monats\" href=\"http:\/\/www.darstellendekuenste.de\/hoerspiel-des-monats\/2009.html\" target=\"_blank\" rel=\"noopener\">H\u00f6rspiel des Monats Nov. 2009 (Deutsche Akademie der Darstellenden K\u00fcnste)<\/a><br \/>\n\u025e&nbsp; <a title=\"H\u00f6rspielpreis der Kriegsblinden\" href=\"http:\/\/www.kriegsblindenbund.de\/cms\/hoerspielpreis-der-kriegsblinden.html#preise\" target=\"_blank\" rel=\"noopener\">H\u00f6rspielpreis der Kriegsblinden 2010<\/a><br \/>\n\u025e&nbsp; <a title=\"Deutscher H\u00f6rspielpreis der ARD\" href=\"http:\/\/web.ard.de\/radio\/hoerspieltage\/2010\/\" target=\"_blank\" rel=\"noopener\">Deutscher H\u00f6rspielpreis der ARD 2010<\/a><br \/>\n\u025e&nbsp; ARD-Online-Award 2010<\/div>\n<p><a title=\"Der Zug nach Wicklow\" href=\"https:\/\/sperrsitz.net\/?p=1871\"><br \/>\nDER ZUG NACH WICKLOW<\/a><\/p>\n<p class=\"sstyle\" style=\"padding-left: 30px;\">\u025e <a title=\"Kinderh\u00f6rspielpreis der MDR-Rundfunkrats\" href=\"http:\/\/www.mdr.de\/mdr-rundfunkrat\/preisverleihungen\/index.html\" target=\"_blank\" rel=\"noopener\">Kinderh\u00f6rspielpreis des MDR-Rundfunkrats 2004; 2. Platz<\/a><\/p>\n<p>&nbsp;<\/p>\n<p>&nbsp;<\/p>\n<p>&nbsp;<\/p>\n","protected":false},"excerpt":{"rendered":"<p>Auszeichnungen f\u00fcr H\u00f6rspiele und Features | Regie: S.Kanis DIE WOCHE \u025e H\u00f6rspiel des Monats Juni 2023 (Deutsche Akademie der Darstellenden K\u00fcnste) &nbsp; BLUME WOLKE VOGEL FISCH \u025e H\u00f6rspiel des Monats November 2021 (Deutsche Akademie der Darstellenden K\u00fcnste) &nbsp; DIE ENTGIFTUNG &hellip; <a href=\"https:\/\/sperrsitz.net\/?page_id=2210\">Weiterlesen <span class=\"meta-nav\">&rarr;<\/span><\/a><\/p>\n","protected":false},"author":1,"featured_media":0,"parent":0,"menu_order":0,"comment_status":"closed","ping_status":"open","template":"","meta":{"ngg_post_thumbnail":0,"footnotes":""},"class_list":["post-2210","page","type-page","status-publish","hentry"],"yoast_head":"<!-- This site is optimized with the Yoast SEO plugin v27.5 - https:\/\/yoast.com\/product\/yoast-seo-wordpress\/ -->\n<title>Awards &#8211; Sperrsitz.net<\/title>\n<meta name=\"description\" content=\"Auszeichnungen und Preise f\u00fcr H\u00f6rspielinszenierungen von Stefan Kanis.\" \/>\n<meta name=\"robots\" content=\"index, follow, max-snippet:-1, max-image-preview:large, max-video-preview:-1\" \/>\n<link rel=\"canonical\" href=\"https:\/\/sperrsitz.net\/?page_id=2210\" \/>\n<meta property=\"og:locale\" content=\"de_DE\" \/>\n<meta property=\"og:type\" content=\"article\" \/>\n<meta property=\"og:title\" content=\"Awards &#8211; Sperrsitz.net\" \/>\n<meta property=\"og:description\" content=\"Auszeichnungen und Preise f\u00fcr H\u00f6rspielinszenierungen von Stefan Kanis.\" \/>\n<meta property=\"og:url\" content=\"https:\/\/sperrsitz.net\/?page_id=2210\" \/>\n<meta property=\"og:site_name\" content=\"Sperrsitz.net\" \/>\n<meta property=\"article:modified_time\" content=\"2023-07-29T08:19:12+00:00\" \/>\n<meta property=\"og:image\" content=\"https:\/\/sperrsitz.net\/wp-content\/uploads\/Urkunde-Geisendoerfer-211x300.jpg\" \/>\n<meta name=\"twitter:card\" content=\"summary_large_image\" \/>\n<meta name=\"twitter:label1\" content=\"Gesch\u00e4tzte Lesezeit\" \/>\n\t<meta name=\"twitter:data1\" content=\"2\u00a0Minuten\" \/>\n<script type=\"application\/ld+json\" class=\"yoast-schema-graph\">{\"@context\":\"https:\\\/\\\/schema.org\",\"@graph\":[{\"@type\":\"WebPage\",\"@id\":\"https:\\\/\\\/sperrsitz.net\\\/?page_id=2210\",\"url\":\"https:\\\/\\\/sperrsitz.net\\\/?page_id=2210\",\"name\":\"Awards &#8211; Sperrsitz.net\",\"isPartOf\":{\"@id\":\"https:\\\/\\\/sperrsitz.net\\\/#website\"},\"primaryImageOfPage\":{\"@id\":\"https:\\\/\\\/sperrsitz.net\\\/?page_id=2210#primaryimage\"},\"image\":{\"@id\":\"https:\\\/\\\/sperrsitz.net\\\/?page_id=2210#primaryimage\"},\"thumbnailUrl\":\"https:\\\/\\\/sperrsitz.net\\\/wp-content\\\/uploads\\\/Urkunde-Geisendoerfer-211x300.jpg\",\"datePublished\":\"2012-09-24T11:45:50+00:00\",\"dateModified\":\"2023-07-29T08:19:12+00:00\",\"description\":\"Auszeichnungen und Preise f\u00fcr H\u00f6rspielinszenierungen von Stefan Kanis.\",\"breadcrumb\":{\"@id\":\"https:\\\/\\\/sperrsitz.net\\\/?page_id=2210#breadcrumb\"},\"inLanguage\":\"de\",\"potentialAction\":[{\"@type\":\"ReadAction\",\"target\":[\"https:\\\/\\\/sperrsitz.net\\\/?page_id=2210\"]}]},{\"@type\":\"ImageObject\",\"inLanguage\":\"de\",\"@id\":\"https:\\\/\\\/sperrsitz.net\\\/?page_id=2210#primaryimage\",\"url\":\"https:\\\/\\\/sperrsitz.net\\\/wp-content\\\/uploads\\\/Urkunde-Geisendoerfer.jpg\",\"contentUrl\":\"https:\\\/\\\/sperrsitz.net\\\/wp-content\\\/uploads\\\/Urkunde-Geisendoerfer.jpg\",\"width\":824,\"height\":1170,\"caption\":\"Urkunde Robert-Geisend\u00f6rfer-Presi 2017\"},{\"@type\":\"BreadcrumbList\",\"@id\":\"https:\\\/\\\/sperrsitz.net\\\/?page_id=2210#breadcrumb\",\"itemListElement\":[{\"@type\":\"ListItem\",\"position\":1,\"name\":\"Home\",\"item\":\"https:\\\/\\\/sperrsitz.net\\\/\"},{\"@type\":\"ListItem\",\"position\":2,\"name\":\"Awards\"}]},{\"@type\":\"WebSite\",\"@id\":\"https:\\\/\\\/sperrsitz.net\\\/#website\",\"url\":\"https:\\\/\\\/sperrsitz.net\\\/\",\"name\":\"Sperrsitz.net\",\"description\":\"Stefan Kanis | Radioregie und Allf\u00e4lliges.\",\"publisher\":{\"@id\":\"https:\\\/\\\/sperrsitz.net\\\/#\\\/schema\\\/person\\\/c3186daad093aa259c336c430f1f3e78\"},\"potentialAction\":[{\"@type\":\"SearchAction\",\"target\":{\"@type\":\"EntryPoint\",\"urlTemplate\":\"https:\\\/\\\/sperrsitz.net\\\/?s={search_term_string}\"},\"query-input\":{\"@type\":\"PropertyValueSpecification\",\"valueRequired\":true,\"valueName\":\"search_term_string\"}}],\"inLanguage\":\"de\"},{\"@type\":[\"Person\",\"Organization\"],\"@id\":\"https:\\\/\\\/sperrsitz.net\\\/#\\\/schema\\\/person\\\/c3186daad093aa259c336c430f1f3e78\",\"name\":\"Stefan Kanis\",\"image\":{\"@type\":\"ImageObject\",\"inLanguage\":\"de\",\"@id\":\"https:\\\/\\\/secure.gravatar.com\\\/avatar\\\/b0feff0bc183a7e3ea2924fad583004078cc47ddae0ee8e37c029afb403a8649?s=96&d=mm&r=g\",\"url\":\"https:\\\/\\\/secure.gravatar.com\\\/avatar\\\/b0feff0bc183a7e3ea2924fad583004078cc47ddae0ee8e37c029afb403a8649?s=96&d=mm&r=g\",\"contentUrl\":\"https:\\\/\\\/secure.gravatar.com\\\/avatar\\\/b0feff0bc183a7e3ea2924fad583004078cc47ddae0ee8e37c029afb403a8649?s=96&d=mm&r=g\",\"caption\":\"Stefan Kanis\"},\"logo\":{\"@id\":\"https:\\\/\\\/secure.gravatar.com\\\/avatar\\\/b0feff0bc183a7e3ea2924fad583004078cc47ddae0ee8e37c029afb403a8649?s=96&d=mm&r=g\"},\"sameAs\":[\"https:\\\/\\\/de.wikipedia.org\\\/wiki\\\/Stefan_Kanis\"]}]}<\/script>\n<!-- \/ Yoast SEO plugin. -->","yoast_head_json":{"title":"Awards &#8211; Sperrsitz.net","description":"Auszeichnungen und Preise f\u00fcr H\u00f6rspielinszenierungen von Stefan Kanis.","robots":{"index":"index","follow":"follow","max-snippet":"max-snippet:-1","max-image-preview":"max-image-preview:large","max-video-preview":"max-video-preview:-1"},"canonical":"https:\/\/sperrsitz.net\/?page_id=2210","og_locale":"de_DE","og_type":"article","og_title":"Awards &#8211; Sperrsitz.net","og_description":"Auszeichnungen und Preise f\u00fcr H\u00f6rspielinszenierungen von Stefan Kanis.","og_url":"https:\/\/sperrsitz.net\/?page_id=2210","og_site_name":"Sperrsitz.net","article_modified_time":"2023-07-29T08:19:12+00:00","og_image":[{"url":"https:\/\/sperrsitz.net\/wp-content\/uploads\/Urkunde-Geisendoerfer-211x300.jpg","type":"","width":"","height":""}],"twitter_card":"summary_large_image","twitter_misc":{"Gesch\u00e4tzte Lesezeit":"2\u00a0Minuten"},"schema":{"@context":"https:\/\/schema.org","@graph":[{"@type":"WebPage","@id":"https:\/\/sperrsitz.net\/?page_id=2210","url":"https:\/\/sperrsitz.net\/?page_id=2210","name":"Awards &#8211; Sperrsitz.net","isPartOf":{"@id":"https:\/\/sperrsitz.net\/#website"},"primaryImageOfPage":{"@id":"https:\/\/sperrsitz.net\/?page_id=2210#primaryimage"},"image":{"@id":"https:\/\/sperrsitz.net\/?page_id=2210#primaryimage"},"thumbnailUrl":"https:\/\/sperrsitz.net\/wp-content\/uploads\/Urkunde-Geisendoerfer-211x300.jpg","datePublished":"2012-09-24T11:45:50+00:00","dateModified":"2023-07-29T08:19:12+00:00","description":"Auszeichnungen und Preise f\u00fcr H\u00f6rspielinszenierungen von Stefan Kanis.","breadcrumb":{"@id":"https:\/\/sperrsitz.net\/?page_id=2210#breadcrumb"},"inLanguage":"de","potentialAction":[{"@type":"ReadAction","target":["https:\/\/sperrsitz.net\/?page_id=2210"]}]},{"@type":"ImageObject","inLanguage":"de","@id":"https:\/\/sperrsitz.net\/?page_id=2210#primaryimage","url":"https:\/\/sperrsitz.net\/wp-content\/uploads\/Urkunde-Geisendoerfer.jpg","contentUrl":"https:\/\/sperrsitz.net\/wp-content\/uploads\/Urkunde-Geisendoerfer.jpg","width":824,"height":1170,"caption":"Urkunde Robert-Geisend\u00f6rfer-Presi 2017"},{"@type":"BreadcrumbList","@id":"https:\/\/sperrsitz.net\/?page_id=2210#breadcrumb","itemListElement":[{"@type":"ListItem","position":1,"name":"Home","item":"https:\/\/sperrsitz.net\/"},{"@type":"ListItem","position":2,"name":"Awards"}]},{"@type":"WebSite","@id":"https:\/\/sperrsitz.net\/#website","url":"https:\/\/sperrsitz.net\/","name":"Sperrsitz.net","description":"Stefan Kanis | Radioregie und Allf\u00e4lliges.","publisher":{"@id":"https:\/\/sperrsitz.net\/#\/schema\/person\/c3186daad093aa259c336c430f1f3e78"},"potentialAction":[{"@type":"SearchAction","target":{"@type":"EntryPoint","urlTemplate":"https:\/\/sperrsitz.net\/?s={search_term_string}"},"query-input":{"@type":"PropertyValueSpecification","valueRequired":true,"valueName":"search_term_string"}}],"inLanguage":"de"},{"@type":["Person","Organization"],"@id":"https:\/\/sperrsitz.net\/#\/schema\/person\/c3186daad093aa259c336c430f1f3e78","name":"Stefan Kanis","image":{"@type":"ImageObject","inLanguage":"de","@id":"https:\/\/secure.gravatar.com\/avatar\/b0feff0bc183a7e3ea2924fad583004078cc47ddae0ee8e37c029afb403a8649?s=96&d=mm&r=g","url":"https:\/\/secure.gravatar.com\/avatar\/b0feff0bc183a7e3ea2924fad583004078cc47ddae0ee8e37c029afb403a8649?s=96&d=mm&r=g","contentUrl":"https:\/\/secure.gravatar.com\/avatar\/b0feff0bc183a7e3ea2924fad583004078cc47ddae0ee8e37c029afb403a8649?s=96&d=mm&r=g","caption":"Stefan Kanis"},"logo":{"@id":"https:\/\/secure.gravatar.com\/avatar\/b0feff0bc183a7e3ea2924fad583004078cc47ddae0ee8e37c029afb403a8649?s=96&d=mm&r=g"},"sameAs":["https:\/\/de.wikipedia.org\/wiki\/Stefan_Kanis"]}]}},"_links":{"self":[{"href":"https:\/\/sperrsitz.net\/index.php?rest_route=\/wp\/v2\/pages\/2210","targetHints":{"allow":["GET"]}}],"collection":[{"href":"https:\/\/sperrsitz.net\/index.php?rest_route=\/wp\/v2\/pages"}],"about":[{"href":"https:\/\/sperrsitz.net\/index.php?rest_route=\/wp\/v2\/types\/page"}],"author":[{"embeddable":true,"href":"https:\/\/sperrsitz.net\/index.php?rest_route=\/wp\/v2\/users\/1"}],"replies":[{"embeddable":true,"href":"https:\/\/sperrsitz.net\/index.php?rest_route=%2Fwp%2Fv2%2Fcomments&post=2210"}],"version-history":[{"count":88,"href":"https:\/\/sperrsitz.net\/index.php?rest_route=\/wp\/v2\/pages\/2210\/revisions"}],"predecessor-version":[{"id":4228,"href":"https:\/\/sperrsitz.net\/index.php?rest_route=\/wp\/v2\/pages\/2210\/revisions\/4228"}],"wp:attachment":[{"href":"https:\/\/sperrsitz.net\/index.php?rest_route=%2Fwp%2Fv2%2Fmedia&parent=2210"}],"curies":[{"name":"wp","href":"https:\/\/api.w.org\/{rel}","templated":true}]}}